{"id":54,"date":"2024-01-04T15:14:24","date_gmt":"2024-01-04T14:14:24","guid":{"rendered":"https:\/\/www.skolyjesenice.cz\/?page_id=54"},"modified":"2026-02-02T11:34:38","modified_gmt":"2026-02-02T10:34:38","slug":"zss-iii","status":"publish","type":"page","link":"https:\/\/www.skolyjesenice.cz\/zs\/zss-iii\/","title":{"rendered":"Z\u0160S III."},"content":{"rendered":"<h2>Z\u00e1kladn\u00ed \u0161kola speci\u00e1ln\u00ed &#8211; II. stupe\u0148<\/h2>\n<p><strong>t\u0159\u00eddn\u00ed u\u010ditelka:<\/strong> Bc. Ludmila Kor\u010d\u00e1kov\u00e1<\/p>\n<p><strong>asistentky pedagoga:<\/strong> Lucie Johnov\u00e1, Anna Vesel\u00e1, R\u016f\u017eena V\u00e1clav\u00edkov\u00e1<\/p>\n<p><strong>\u00a0\u201eNed\u011blej jin\u00fdm to, co nechce\u0161, aby d\u011blali oni tob\u011b.\u201c\u00a0<\/strong><\/p>\n<p>Na\u0161i t\u0159\u00eddu nav\u0161t\u011bvuj\u00ed \u017e\u00e1ci 7. \u2013 9. t\u0159\u00eddy. Jsme t\u0159\u00edda o mal\u00e9m po\u010dtu \u017e\u00e1k\u016f a dodr\u017eujeme vz\u00e1jemn\u00fd respekt, pomoc a toleranci. V\u00edme, \u017ee ne v\u017edy se v\u0161e ka\u017ed\u00e9mu povede, a tak si navz\u00e1jem pom\u00e1h\u00e1me a rad\u00edme, u\u010d\u00edme se jeden od druh\u00e9ho a pov\u00edd\u00e1me si.\u00a0 M\u00e1me r\u00e1di \u00fasm\u011bv na rtech a dobrou n\u00e1ladu a sna\u017e\u00edme se o to ka\u017ed\u00fd den, abychom nem\u011bli d\u016fvod ke smutku. U\u010d\u00edme se r\u00e1di nov\u00fdm v\u011bcem, pozn\u00e1v\u00e1me \u017eivot kolem n\u00e1s a v\u0161e n\u00e1s bav\u00ed. D\u011bti v t\u00e9to t\u0159\u00edd\u011b jsou zlat\u00ed\u010dka, kter\u00e1 p\u0159ev\u00e1\u017en\u011b po cel\u00fd \u010das zah\u0159ej\u00ed svou p\u0159\u00edtomnost\u00ed, el\u00e1nem a pov\u00edd\u00e1n\u00edm u srd\u00ed\u010dka.<\/p>\n<p>Bc. Ludmila Kor\u010d\u00e1kov\u00e1<\/p>\n<h2>Aktuality<\/h2>\n<ul class=\"display-posts-listing\"><li class=\"listing-item\"><a href=\"https:\/\/www.skolyjesenice.cz\/zs\/2025\/04\/25\/zss-iii_jarohratky\/\"><div class=\"title\">Z\u0160S III_JAROhr\u00e1tky<\/div><\/a><span class=\"date\"> <span class=\"date\">25. 04. 2025<\/span><\/span><div class=\"excerpt\"><\/div><\/li><li class=\"listing-item\"><a href=\"https:\/\/www.skolyjesenice.cz\/zs\/2024\/12\/20\/zss-iii_skolni-a-tridni-besidky\/\"><div class=\"title\">Z\u0160S III_\u0160koln\u00ed a t\u0159\u00eddn\u00ed bes\u00eddky<\/div><\/a><span class=\"date\"> <span class=\"date\">20. 12. 2024<\/span><\/span><div class=\"excerpt\"><\/div><\/li><li class=\"listing-item\"><a href=\"https:\/\/www.skolyjesenice.cz\/zs\/2024\/12\/20\/zss_iii_adventni-tvoreni-a-akce\/\"><div class=\"title\">Z\u0160S_III_Adventn\u00ed tvo\u0159en\u00ed a akce<\/div><\/a><span class=\"date\"> <span class=\"date\">20. 12. 2024<\/span><\/span><div class=\"excerpt\"><\/div><\/li><li class=\"listing-item\"><a href=\"https:\/\/www.skolyjesenice.cz\/zs\/2024\/12\/07\/zss-iii_certi-den\/\"><div class=\"title\">Z\u0160S III_\u010cert\u00ed den<\/div><\/a><span class=\"date\"> <span class=\"date\">07. 12. 2024<\/span><\/span><div class=\"excerpt\"><\/div><\/li><li class=\"listing-item\"><a href=\"https:\/\/www.skolyjesenice.cz\/zs\/2024\/09\/11\/zss-iii-zacatek-noveho-skolniho-roku-2024-2025\/\"><div class=\"title\">Z\u0160S III za\u010d\u00e1tek nov\u00e9ho \u0161koln\u00edho roku 2024\/2025<\/div><\/a><span class=\"date\"> <span class=\"date\">11. 09. 2024<\/span><\/span><div class=\"excerpt\"><\/div><\/li><li class=\"listing-item\"><a href=\"https:\/\/www.skolyjesenice.cz\/zs\/2024\/05\/30\/jaro-v-nasi-tride-zss-iii\/\"><div class=\"title\">Jaro v na\u0161\u00ed t\u0159\u00edd\u011b Z\u0160S III.<\/div><\/a><span class=\"date\"> <span class=\"date\">30. 05. 2024<\/span><\/span><div class=\"excerpt\"><\/div><\/li><li class=\"listing-item\"><a href=\"https:\/\/www.skolyjesenice.cz\/zs\/2024\/03\/01\/leden-a-unor-v-nasi-tride-zss-iii\/\"><div class=\"title\">Leden a \u00fanor v na\u0161\u00ed t\u0159\u00edd\u011b  Z\u0160S III.<\/div><\/a><span class=\"date\"> <span class=\"date\">01. 03. 2024<\/span><\/span><div class=\"excerpt\"><\/div><\/li><li class=\"listing-item\"><a href=\"https:\/\/www.skolyjesenice.cz\/zs\/2024\/01\/19\/listopad-prosinec-2023-zss-iii\/\"><div class=\"title\">Listopad, prosinec 2023 Z\u0160S III.<\/div><\/a><span class=\"date\"> <span class=\"date\">19. 01. 2024<\/span><\/span><div class=\"excerpt\"><\/div><\/li><\/ul>\n","protected":false},"excerpt":{"rendered":"<p>Z\u00e1kladn\u00ed \u0161kola speci\u00e1ln\u00ed &#8211; II. stupe\u0148 t\u0159\u00eddn\u00ed u\u010ditelka: Bc. Ludmila Kor\u010d\u00e1kov\u00e1 asistentky pedagoga: Lucie Johnov\u00e1, [&hellip;]<\/p>\n","protected":false},"author":1,"featured_media":0,"parent":0,"menu_order":0,"comment_status":"closed","ping_status":"closed","template":"","meta":{"_acf_changed":false,"inline_featured_image":false,"footnotes":""},"class_list":["post-54","page","type-page","status-publish","hentry"],"acf":[],"_links":{"self":[{"href":"https:\/\/www.skolyjesenice.cz\/zs\/wp-json\/wp\/v2\/pages\/54","targetHints":{"allow":["GET"]}}],"collection":[{"href":"https:\/\/www.skolyjesenice.cz\/zs\/wp-json\/wp\/v2\/pages"}],"about":[{"href":"https:\/\/www.skolyjesenice.cz\/zs\/wp-json\/wp\/v2\/types\/page"}],"author":[{"embeddable":true,"href":"https:\/\/www.skolyjesenice.cz\/zs\/wp-json\/wp\/v2\/users\/1"}],"replies":[{"embeddable":true,"href":"https:\/\/www.skolyjesenice.cz\/zs\/wp-json\/wp\/v2\/comments?post=54"}],"version-history":[{"count":11,"href":"https:\/\/www.skolyjesenice.cz\/zs\/wp-json\/wp\/v2\/pages\/54\/revisions"}],"predecessor-version":[{"id":3928,"href":"https:\/\/www.skolyjesenice.cz\/zs\/wp-json\/wp\/v2\/pages\/54\/revisions\/3928"}],"wp:attachment":[{"href":"https:\/\/www.skolyjesenice.cz\/zs\/wp-json\/wp\/v2\/media?parent=54"}],"curies":[{"name":"wp","href":"https:\/\/api.w.org\/{rel}","templated":true}]}}