{"id":3972,"date":"2026-03-17T13:14:02","date_gmt":"2026-03-17T12:14:02","guid":{"rendered":"https:\/\/www.skolyjesenice.cz\/zs\/?page_id=3972"},"modified":"2026-03-17T13:29:24","modified_gmt":"2026-03-17T12:29:24","slug":"charakteristika-skoly","status":"publish","type":"page","link":"https:\/\/www.skolyjesenice.cz\/zs\/o-skole\/charakteristika-skoly\/","title":{"rendered":"Charakteristika \u0161koly"},"content":{"rendered":"<p>Posl\u00e1n\u00edm z\u00e1kladn\u00ed \u0161koly a praktick\u00e9 \u0161koly jednolet\u00e9 a dvoulet\u00e9 je v\u00fdchova a vzd\u011bl\u00e1v\u00e1n\u00ed \u017e\u00e1k\u016f se zdravotn\u00edm posti\u017een\u00edm, z\u00a0nich\u017e mnoz\u00ed vy\u017eaduj\u00ed speci\u00e1ln\u00ed vzd\u011bl\u00e1vac\u00ed p\u0159\u00edstupy a p\u00e9\u010di. V\u00fdchova a vzd\u011bl\u00e1v\u00e1n\u00ed prob\u00edh\u00e1 podle odpov\u00eddaj\u00edc\u00edch \u0160VP.<\/p>\n<p>Z\u00e1kladn\u00ed \u0161kola je z\u0159\u00edzena podle \u00a7 16, odst. 9 Z\u00e1kona \u010d. 561, 2004 Sb. o p\u0159ed\u0161koln\u00edm, z\u00e1kladn\u00edm, st\u0159edn\u00edm, vy\u0161\u0161\u00edm odborn\u00e9m a jin\u00e9m vzd\u011bl\u00e1v\u00e1n\u00ed (\u0161kolsk\u00fd z\u00e1kon) v\u00a0platn\u00e9m zn\u011bn\u00ed.<\/p>\n<p>Nab\u00eddka vzd\u011bl\u00e1vac\u00edch mo\u017enost\u00ed je komplexn\u00ed, prostupn\u00e1 do obor\u016f st\u0159edn\u00edho vzd\u011bl\u00e1v\u00e1n\u00ed, umo\u017e\u0148uj\u00edc\u00ed vyj\u00edt vst\u0159\u00edc individu\u00e1ln\u00edm pot\u0159eb\u00e1m ka\u017ed\u00e9ho \u017e\u00e1ka. \u0160kola zaji\u0161\u0165uje ucelenou p\u00e9\u010di pro \u017e\u00e1ky se speci\u00e1ln\u00edmi vzd\u011bl\u00e1vac\u00edmi pot\u0159ebami v\u0161ech stup\u0148\u016f ment\u00e1ln\u00edho posti\u017een\u00ed s\u00a0kombinacemi s\u00a0dal\u0161\u00edm zdravotn\u00edm posti\u017een\u00edm (nap\u0159. sluchov\u00fdm, zrakov\u00fdm, diagn\u00f3zou autismus, Down\u016fv syndrom\u2026)<\/p>\n<p>\u0160kola prov\u00e1d\u00ed svou \u010dinnost ve m\u011bst\u011b Jesenice u Rakovn\u00edka obklopen\u00e9m kr\u00e1snou p\u0159\u00edrodou. Vliv \u0161koln\u00edho a ubytovac\u00edho za\u0159\u00edzen\u00ed je tak vhodn\u011b dopln\u011bn p\u016fsoben\u00edm zdrav\u00e9ho \u017eivotn\u00edho prost\u0159ed\u00ed. Lesy, rybn\u00edky a louky jsou prav\u00fdm r\u00e1jem pro aktivity \u0161koln\u00ed dru\u017einy, intern\u00e1tu, DM a pro v\u00fduku z\u00a0oblasti p\u0159\u00edrodn\u00edch v\u011bd. Tak\u00e9 pro rozvoj pohybov\u00fdch schopnost\u00ed a dovednost\u00ed je toto prost\u0159ed\u00ed ide\u00e1ln\u00ed.<\/p>\n","protected":false},"excerpt":{"rendered":"<p>Posl\u00e1n\u00edm z\u00e1kladn\u00ed \u0161koly a praktick\u00e9 \u0161koly jednolet\u00e9 a dvoulet\u00e9 je v\u00fdchova a vzd\u011bl\u00e1v\u00e1n\u00ed \u017e\u00e1k\u016f se [&hellip;]<\/p>\n","protected":false},"author":3,"featured_media":0,"parent":33,"menu_order":2,"comment_status":"closed","ping_status":"closed","template":"","meta":{"_acf_changed":false,"inline_featured_image":false,"footnotes":""},"class_list":["post-3972","page","type-page","status-publish","hentry"],"acf":[],"_links":{"self":[{"href":"https:\/\/www.skolyjesenice.cz\/zs\/wp-json\/wp\/v2\/pages\/3972","targetHints":{"allow":["GET"]}}],"collection":[{"href":"https:\/\/www.skolyjesenice.cz\/zs\/wp-json\/wp\/v2\/pages"}],"about":[{"href":"https:\/\/www.skolyjesenice.cz\/zs\/wp-json\/wp\/v2\/types\/page"}],"author":[{"embeddable":true,"href":"https:\/\/www.skolyjesenice.cz\/zs\/wp-json\/wp\/v2\/users\/3"}],"replies":[{"embeddable":true,"href":"https:\/\/www.skolyjesenice.cz\/zs\/wp-json\/wp\/v2\/comments?post=3972"}],"version-history":[{"count":2,"href":"https:\/\/www.skolyjesenice.cz\/zs\/wp-json\/wp\/v2\/pages\/3972\/revisions"}],"predecessor-version":[{"id":3980,"href":"https:\/\/www.skolyjesenice.cz\/zs\/wp-json\/wp\/v2\/pages\/3972\/revisions\/3980"}],"up":[{"embeddable":true,"href":"https:\/\/www.skolyjesenice.cz\/zs\/wp-json\/wp\/v2\/pages\/33"}],"wp:attachment":[{"href":"https:\/\/www.skolyjesenice.cz\/zs\/wp-json\/wp\/v2\/media?parent=3972"}],"curies":[{"name":"wp","href":"https:\/\/api.w.org\/{rel}","templated":true}]}}