{"id":207,"date":"2024-01-05T11:48:40","date_gmt":"2024-01-05T10:48:40","guid":{"rendered":"https:\/\/www.skolyjesenice.cz\/ss\/?page_id=207"},"modified":"2026-08-24T20:45:06","modified_gmt":"2026-08-24T18:45:06","slug":"organizace-skolniho-roku","status":"publish","type":"page","link":"https:\/\/www.skolyjesenice.cz\/ss\/o-skole\/organizace-skolniho-roku\/","title":{"rendered":"Organizace \u0161koln\u00edho roku"},"content":{"rendered":"<table style=\"border-collapse: collapse;width: 100%\">\n<tbody>\n<tr>\n<td style=\"width: 100%\"><\/td>\n<\/tr>\n<\/tbody>\n<\/table>\n<p style=\"text-align: center\"><span style=\"font-size: 18pt\"><em><strong>Organizace \u0161koln\u00edho roku 2026\/2027<\/strong><\/em><\/span><\/p>\n<table style=\"border-collapse: collapse;width: 100%;height: 518px\">\n<tbody>\n<tr style=\"height: 24px\">\n<th style=\"width: 51.8302%;text-align: left;height: 24px\">Zah\u00e1jen\u00ed \u0161koln\u00edho roku:<\/th>\n<td style=\"width: 48.1698%;height: 24px;text-align: left\">\u00fater\u00fd 1. z\u00e1\u0159\u00ed 2026<\/td>\n<\/tr>\n<tr style=\"height: 24px\">\n<th style=\"width: 51.8302%;text-align: left;height: 24px\">Den pracovn\u00edho klidu:<\/th>\n<td style=\"width: 48.1698%;height: 24px;text-align: left\">pond\u011bl\u00ed 28. z\u00e1\u0159\u00ed 2026 &#8211;<strong> st\u00e1tn\u00ed sv\u00e1tek<\/strong><\/td>\n<\/tr>\n<tr style=\"height: 24px\">\n<th style=\"width: 51.8302%;text-align: center;height: 24px\" colspan=\"2\"><span style=\"font-size: 10pt\"><i>Konec letn\u00edho \u010dasu: ned\u011ble 25. \u0159\u00edjna 2026 (3.00 \u2013 2.00)<\/i><\/span><\/th>\n<\/tr>\n<tr style=\"height: 24px\">\n<th style=\"width: 51.8302%;text-align: left;height: 24px\">\u0158editelsk\u00e9 volno:<\/th>\n<td style=\"width: 48.1698%;height: 24px;text-align: left\">pond\u011bl\u00ed 26. \u0159\u00edjna a \u00fater\u00fd 27. \u0159\u00edjna 2026<\/td>\n<\/tr>\n<tr style=\"height: 24px\">\n<th style=\"width: 51.8302%;text-align: left;height: 24px\">Den pracovn\u00edho klidu:<\/th>\n<td style=\"width: 48.1698%;text-align: left;height: 24px\">st\u0159eda 28. \u0159\u00edjna 2026 &#8211; <strong>st\u00e1tn\u00ed sv\u00e1tek<\/strong><\/td>\n<\/tr>\n<tr style=\"height: 24px\">\n<th style=\"width: 51.8302%;text-align: left;height: 24px\">Podzimn\u00ed pr\u00e1zdniny:<\/th>\n<td style=\"width: 48.1698%;height: 24px;text-align: left\">\u010dtvrtek 29. \u0159\u00edjna a p\u00e1tek 30. \u0159\u00edjna 2026<\/td>\n<\/tr>\n<tr style=\"height: 24px\">\n<th style=\"width: 51.8302%;text-align: left;height: 24px\">\u0158editelsk\u00e9 volno:<\/th>\n<td style=\"width: 48.1698%;text-align: left;height: 24px\">pond\u011bl\u00ed 16. listopadu 2026<\/td>\n<\/tr>\n<tr style=\"height: 24px\">\n<th style=\"width: 51.8302%;text-align: left;height: 24px\">Den pracovn\u00edho klidu:<\/th>\n<td style=\"width: 48.1698%;text-align: left;height: 24px\">\u00fater\u00fd 17. listopadu 2026 &#8211; <strong>st\u00e1tn\u00ed sv\u00e1tek<\/strong><\/td>\n<\/tr>\n<tr style=\"height: 24px\">\n<th style=\"width: 51.8302%;text-align: left;height: 24px\">\u0158editelsk\u00e9 volno:<\/th>\n<td style=\"width: 48.1698%;text-align: left;height: 24px\">pond\u011bl\u00ed 21. prosince a \u00fater\u00fd 22. prosince 2026<\/td>\n<\/tr>\n<tr style=\"height: 24px\">\n<th style=\"width: 51.8302%;text-align: left;height: 24px\">V\u00e1no\u010dn\u00ed pr\u00e1zdniny:<\/th>\n<td style=\"width: 48.1698%;height: 24px;text-align: left\">st\u0159eda 23. prosince 2026 &#8211; p\u00e1tek 1. ledna 2027<\/td>\n<\/tr>\n<tr style=\"height: 24px\">\n<th style=\"width: 51.8302%;text-align: left;height: 24px\">Vyu\u010dov\u00e1n\u00ed za\u010dne:<\/th>\n<td style=\"width: 48.1698%;height: 24px;text-align: left\">pond\u011bl\u00ed 4. ledna 2027<\/td>\n<\/tr>\n<tr style=\"height: 24px\">\n<th style=\"width: 51.8302%;text-align: left;height: 24px\">Konec prvn\u00edho pololet\u00ed:<\/th>\n<td style=\"width: 48.1698%;height: 24px;text-align: left\">\u010dtvrtek 28. ledna 2027<\/td>\n<\/tr>\n<tr style=\"height: 24px\">\n<th style=\"width: 51.8302%;text-align: left;height: 24px\">Pololetn\u00ed jednodenn\u00ed pr\u00e1zdniny:<\/th>\n<td style=\"width: 48.1698%;height: 24px;text-align: left\">p\u00e1tek 29. ledna 2027<\/td>\n<\/tr>\n<tr style=\"height: 24px\">\n<th style=\"width: 51.8302%;text-align: left;height: 24px\">Jarn\u00ed pr\u00e1zdniny:<\/th>\n<td style=\"width: 48.1698%;height: 24px;text-align: left\">pond\u011bl\u00ed 8. b\u0159ezna &#8211; ned\u011ble 14. b\u0159ezna 2027<\/td>\n<\/tr>\n<tr style=\"height: 24px\">\n<td style=\"text-align: center;height: 24px;width: 100%\" colspan=\"2\"><strong><em><span style=\"font-size: 10pt\">Za\u010d\u00e1tek letn\u00edho \u010dasu: ned\u011ble 28. b\u0159ezna 2027 (2.00 \u2013 3.00)\u00a0<\/span><\/em><\/strong><\/td>\n<\/tr>\n<tr style=\"height: 24px\">\n<th style=\"width: 51.8302%;text-align: left;height: 24px\">Velikono\u010dn\u00ed pr\u00e1zdniny:<\/th>\n<td style=\"width: 48.1698%;height: 24px;text-align: left\">\u010dtvrtek 25. b\u0159ezna 2027<\/td>\n<\/tr>\n<tr style=\"height: 40px\">\n<th style=\"width: 51.8302%;text-align: left;height: 40px\">Dny pracovn\u00edho klidu:<\/th>\n<td style=\"width: 48.1698%;height: 40px;text-align: left\">p\u00e1tek 26. b\u0159ezna 2027 &#8211; Velk\u00fd p\u00e1tek<br \/>\npond\u011bl\u00ed 29. b\u0159ezna 2027 &#8211; Velikono\u010dn\u00ed pond\u011bl\u00ed<\/td>\n<\/tr>\n<tr style=\"height: 24px\">\n<th style=\"width: 51.8302%;text-align: left;height: 24px\">Konec druh\u00e9ho pololet\u00ed:<\/th>\n<td style=\"width: 48.1698%;height: 24px;text-align: left\">st\u0159eda 30. \u010dervna 2027<\/td>\n<\/tr>\n<tr style=\"height: 24px\">\n<th style=\"width: 51.8302%;text-align: left;height: 24px\">Hlavn\u00ed pr\u00e1zdniny:<\/th>\n<td style=\"width: 48.1698%;height: 24px;text-align: left\">\u010dtvrtek 1. \u010dervence 2027 &#8211; \u00fater\u00fd 31. srpna 2027<\/td>\n<\/tr>\n<tr style=\"height: 24px\">\n<th style=\"width: 100%;text-align: center;height: 46px\" colspan=\"2\"><em><span style=\"font-size: 8pt\">Zah\u00e1jen\u00ed \u0161koln\u00edho roku 2027\/2028 je ve st\u0159edu 1. z\u00e1\u0159\u00ed 2027.<\/span><\/em><\/th>\n<\/tr>\n<\/tbody>\n<\/table>\n","protected":false},"excerpt":{"rendered":"<p>Organizace \u0161koln\u00edho roku 2026\/2027 Zah\u00e1jen\u00ed \u0161koln\u00edho roku: \u00fater\u00fd 1. z\u00e1\u0159\u00ed 2026 Den pracovn\u00edho klidu: pond\u011bl\u00ed [&hellip;]<\/p>\n","protected":false},"author":1,"featured_media":0,"parent":1701,"menu_order":0,"comment_status":"closed","ping_status":"closed","template":"","meta":{"_acf_changed":false,"inline_featured_image":false,"footnotes":""},"class_list":["post-207","page","type-page","status-publish","hentry"],"acf":[],"_links":{"self":[{"href":"https:\/\/www.skolyjesenice.cz\/ss\/wp-json\/wp\/v2\/pages\/207","targetHints":{"allow":["GET"]}}],"collection":[{"href":"https:\/\/www.skolyjesenice.cz\/ss\/wp-json\/wp\/v2\/pages"}],"about":[{"href":"https:\/\/www.skolyjesenice.cz\/ss\/wp-json\/wp\/v2\/types\/page"}],"author":[{"embeddable":true,"href":"https:\/\/www.skolyjesenice.cz\/ss\/wp-json\/wp\/v2\/users\/1"}],"replies":[{"embeddable":true,"href":"https:\/\/www.skolyjesenice.cz\/ss\/wp-json\/wp\/v2\/comments?post=207"}],"version-history":[{"count":28,"href":"https:\/\/www.skolyjesenice.cz\/ss\/wp-json\/wp\/v2\/pages\/207\/revisions"}],"predecessor-version":[{"id":677,"href":"https:\/\/www.skolyjesenice.cz\/ss\/wp-json\/wp\/v2\/pages\/207\/revisions\/677"}],"up":[{"embeddable":true,"href":"https:\/\/www.skolyjesenice.cz\/ss\/wp-json\/wp\/v2\/pages\/1701"}],"wp:attachment":[{"href":"https:\/\/www.skolyjesenice.cz\/ss\/wp-json\/wp\/v2\/media?parent=207"}],"curies":[{"name":"wp","href":"https:\/\/api.w.org\/{rel}","templated":true}]}}