{"id":207,"date":"2024-01-05T11:48:40","date_gmt":"2024-01-05T10:48:40","guid":{"rendered":"https:\/\/www.skolyjesenice.cz\/ss\/?page_id=207"},"modified":"2026-04-14T13:06:20","modified_gmt":"2026-04-14T11:06:20","slug":"organizace-skolniho-roku","status":"publish","type":"page","link":"https:\/\/www.skolyjesenice.cz\/ss\/o-skole\/organizace-skolniho-roku\/","title":{"rendered":"Organizace \u0161koln\u00edho roku"},"content":{"rendered":"<p><span style=\"font-size: 18pt\"><em><strong>Organizace \u0161koln\u00edho roku 2025\/2026<\/strong><\/em><\/span><\/p>\n<table style=\"border-collapse: collapse;width: 100%;height: 518px\">\n<tbody>\n<tr style=\"height: 24px\">\n<th style=\"width: 50.4016%;text-align: left;height: 24px\">Zah\u00e1jen\u00ed \u0161koln\u00edho roku:<\/th>\n<td style=\"width: 49.5984%;height: 24px;text-align: left\">pond\u011bl\u00ed 1. z\u00e1\u0159\u00ed 2025<\/td>\n<\/tr>\n<tr style=\"height: 24px\">\n<td style=\"text-align: center;height: 24px;width: 100%\" colspan=\"2\"><span style=\"font-size: 10pt\"><i>Konec letn\u00edho \u010dasu: ned\u011ble 25. \u0159\u00edjna 2025 (3.00 \u2013 2.00)<\/i><\/span><\/td>\n<\/tr>\n<tr style=\"height: 24px\">\n<th style=\"width: 50.4016%;text-align: left;height: 24px\">Den pracovn\u00edho klidu:<\/th>\n<td style=\"width: 49.5984%;height: 24px;text-align: left\">\u00fater\u00fd 28. \u0159\u00edjna 2025 &#8211;<strong> st\u00e1tn\u00ed sv\u00e1tek<\/strong><\/td>\n<\/tr>\n<tr style=\"height: 24px\">\n<th style=\"width: 50.4016%;text-align: left;height: 24px\">Podzimn\u00ed pr\u00e1zdniny:<\/th>\n<td style=\"width: 49.5984%;height: 24px;text-align: left\">pond\u011bl\u00ed 27. \u0159\u00edjna a st\u0159eda 29. \u0159\u00edjna 2025<\/td>\n<\/tr>\n<tr style=\"height: 24px\">\n<th style=\"width: 50.4016%;text-align: left;height: 24px\">\u0158editelsk\u00e9 volno:<\/th>\n<td style=\"width: 49.5984%;height: 24px;text-align: left\">\u010dtvrtek 30. \u0159\u00edjna a p\u00e1tek 31. \u0159\u00edjna 2025<\/td>\n<\/tr>\n<tr style=\"height: 24px\">\n<th style=\"width: 50.4016%;text-align: left;height: 24px\">V\u00e1no\u010dn\u00ed pr\u00e1zdniny:<\/th>\n<td style=\"width: 49.5984%;height: 24px;text-align: left\">pond\u011bl\u00ed 22. prosince 2025 do p\u00e1tku 2. ledna 2026<\/td>\n<\/tr>\n<tr style=\"height: 24px\">\n<th style=\"width: 50.4016%;text-align: left;height: 24px\">Vyu\u010dov\u00e1n\u00ed za\u010dne:<\/th>\n<td style=\"width: 49.5984%;height: 24px;text-align: left\">v pond\u011bl\u00ed 5. ledna 2026<\/td>\n<\/tr>\n<tr style=\"height: 24px\">\n<th style=\"width: 50.4016%;text-align: left;height: 24px\">Konec prvn\u00edho pololet\u00ed:<\/th>\n<td style=\"width: 49.5984%;height: 24px;text-align: left\">p\u00e1tek 30. ledna 2026<\/td>\n<\/tr>\n<tr style=\"height: 24px\">\n<th style=\"width: 50.4016%;text-align: left;height: 24px\">Pololetn\u00ed jednodenn\u00ed pr\u00e1zdniny:<\/th>\n<td style=\"width: 49.5984%;height: 24px;text-align: left\">p\u00e1tek 30. ledna 2026<\/td>\n<\/tr>\n<tr style=\"height: 24px\">\n<th style=\"width: 50.4016%;text-align: left;height: 24px\">Jarn\u00ed pr\u00e1zdniny:<\/th>\n<td style=\"width: 49.5984%;height: 24px;text-align: left\">pond\u011bl\u00ed 2. b\u0159ezna &#8211; ned\u011ble 8. b\u0159ezna 2026<\/td>\n<\/tr>\n<tr style=\"height: 24px\">\n<td style=\"text-align: center;height: 24px;width: 100%\" colspan=\"2\"><span style=\"font-size: 10pt\"><i>Za\u010d\u00e1tek letn\u00edho \u010dasu: ned\u011ble 29. b\u0159ezna 2026 (2.00 \u2013 3.00)<\/i><\/span><\/td>\n<\/tr>\n<tr style=\"height: 24px\">\n<th style=\"width: 50.4016%;text-align: left;height: 24px\">Velikono\u010dn\u00ed pr\u00e1zdniny:<\/th>\n<td style=\"width: 49.5984%;height: 24px;text-align: left\">\u010dtvrtek 2. dubna 2026<\/td>\n<\/tr>\n<tr style=\"height: 40px\">\n<th style=\"width: 50.4016%;text-align: left;height: 40px\">Dny pracovn\u00edho klidu:<\/th>\n<td style=\"width: 49.5984%;height: 40px;text-align: left\">p\u00e1tek 3. dubna 2026 &#8211; <strong>st\u00e1tn\u00ed sv\u00e1tek<\/strong><br \/>\npond\u011bl\u00ed 6. dubna 2026 \u2013 <strong>st\u00e1tn\u00ed sv\u00e1tek<\/strong><\/td>\n<\/tr>\n<tr style=\"height: 24px\">\n<th style=\"width: 50.4016%;text-align: left;height: 24px\">Den pracovn\u00edho klidu:<\/th>\n<td style=\"width: 49.5984%;height: 24px;text-align: left\">p\u00e1tek 1. kv\u011btna 2026 &#8211; <strong>st\u00e1tn\u00ed sv\u00e1tek<\/strong><\/td>\n<\/tr>\n<tr style=\"height: 24px\">\n<th style=\"width: 50.4016%;text-align: left;height: 24px\">Den pracovn\u00edho klidu:<\/th>\n<td style=\"width: 49.5984%;height: 24px;text-align: left\">p\u00e1tek 8. kv\u011btna 2026 &#8211; <strong>st\u00e1tn\u00ed sv\u00e1tek<\/strong><\/td>\n<\/tr>\n<tr style=\"height: 24px\">\n<th style=\"width: 50.4016%;text-align: left;height: 24px\">Konec druh\u00e9ho pololet\u00ed:<\/th>\n<td style=\"width: 49.5984%;height: 24px;text-align: left\">Na z\u00e1klad\u011b rozhodnut\u00ed ministra \u0161kolstv\u00ed Roberta Plagy skon\u010d\u00ed letos v\u00fduka v z\u00e1kladn\u00edch a st\u0159edn\u00edch \u0161kol\u00e1ch a konzervato\u0159\u00edch ji\u017e v p\u00e1tek 26. \u010dervna 2026.<\/td>\n<\/tr>\n<tr style=\"height: 24px\">\n<th style=\"width: 50.4016%;text-align: left;height: 24px\">Hlavn\u00ed pr\u00e1zdniny:<\/th>\n<td style=\"width: 49.5984%;height: 24px;text-align: left\">sobota 27. \u010dervna 2026 &#8211; pond\u011bl\u00ed 31. srpna 2026<\/td>\n<\/tr>\n<tr style=\"height: 24px\">\n<th style=\"width: 100%;text-align: center;height: 46px\" colspan=\"2\"><span style=\"font-size: 8pt\">Zah\u00e1jen\u00ed \u0161koln\u00edho roku 2026\/2027 je v \u00fater\u00fd 2. z\u00e1\u0159\u00ed 2026.<\/span><\/th>\n<\/tr>\n<\/tbody>\n<\/table>\n","protected":false},"excerpt":{"rendered":"<p>Organizace \u0161koln\u00edho roku 2025\/2026 Zah\u00e1jen\u00ed \u0161koln\u00edho roku: pond\u011bl\u00ed 1. z\u00e1\u0159\u00ed 2025 Konec letn\u00edho \u010dasu: ned\u011ble [&hellip;]<\/p>\n","protected":false},"author":1,"featured_media":0,"parent":1701,"menu_order":0,"comment_status":"closed","ping_status":"closed","template":"","meta":{"_acf_changed":false,"inline_featured_image":false,"footnotes":""},"class_list":["post-207","page","type-page","status-publish","hentry"],"acf":[],"_links":{"self":[{"href":"https:\/\/www.skolyjesenice.cz\/ss\/wp-json\/wp\/v2\/pages\/207","targetHints":{"allow":["GET"]}}],"collection":[{"href":"https:\/\/www.skolyjesenice.cz\/ss\/wp-json\/wp\/v2\/pages"}],"about":[{"href":"https:\/\/www.skolyjesenice.cz\/ss\/wp-json\/wp\/v2\/types\/page"}],"author":[{"embeddable":true,"href":"https:\/\/www.skolyjesenice.cz\/ss\/wp-json\/wp\/v2\/users\/1"}],"replies":[{"embeddable":true,"href":"https:\/\/www.skolyjesenice.cz\/ss\/wp-json\/wp\/v2\/comments?post=207"}],"version-history":[{"count":24,"href":"https:\/\/www.skolyjesenice.cz\/ss\/wp-json\/wp\/v2\/pages\/207\/revisions"}],"predecessor-version":[{"id":3074,"href":"https:\/\/www.skolyjesenice.cz\/ss\/wp-json\/wp\/v2\/pages\/207\/revisions\/3074"}],"up":[{"embeddable":true,"href":"https:\/\/www.skolyjesenice.cz\/ss\/wp-json\/wp\/v2\/pages\/1701"}],"wp:attachment":[{"href":"https:\/\/www.skolyjesenice.cz\/ss\/wp-json\/wp\/v2\/media?parent=207"}],"curies":[{"name":"wp","href":"https:\/\/api.w.org\/{rel}","templated":true}]}}